{"version":"1.0","provider_name":".::Agencia IP::.","provider_url":"https:\/\/www.ip.gov.py\/ip","title":"Villar jugar\u00e1 su s\u00e9ptima Copa Am\u00e9rica - .::Agencia IP::.","type":"rich","width":600,"height":338,"html":"<blockquote class=\"wp-embedded-content\" data-secret=\"H0vx4rEwrD\"><a href=\"https:\/\/www.ip.gov.py\/ip\/2016\/05\/31\/villar-jugara-su-septima-copa-america\/\">Villar jugar\u00e1 su s\u00e9ptima Copa Am\u00e9rica<\/a><\/blockquote><iframe sandbox=\"allow-scripts\" security=\"restricted\" src=\"https:\/\/www.ip.gov.py\/ip\/2016\/05\/31\/villar-jugara-su-septima-copa-america\/embed\/#?secret=H0vx4rEwrD\" width=\"600\" height=\"338\" title=\"\u00abVillar jugar\u00e1 su s\u00e9ptima Copa Am\u00e9rica\u00bb \u2014 .::Agencia IP::.\" data-secret=\"H0vx4rEwrD\" frameborder=\"0\" marginwidth=\"0\" marginheight=\"0\" scrolling=\"no\" class=\"wp-embedded-content\"><\/iframe><script type=\"text\/javascript\">\n\/* <![CDATA[ *\/\n\/*! This file is auto-generated *\/\n!function(d,l){\"use strict\";l.querySelector&&d.addEventListener&&\"undefined\"!=typeof URL&&(d.wp=d.wp||{},d.wp.receiveEmbedMessage||(d.wp.receiveEmbedMessage=function(e){var t=e.data;if((t||t.secret||t.message||t.value)&&!\/[^a-zA-Z0-9]\/.test(t.secret)){for(var s,r,n,a=l.querySelectorAll('iframe[data-secret=\"'+t.secret+'\"]'),o=l.querySelectorAll('blockquote[data-secret=\"'+t.secret+'\"]'),c=new RegExp(\"^https?:$\",\"i\"),i=0;i<o.length;i++)o[i].style.display=\"none\";for(i=0;i<a.length;i++)s=a[i],e.source===s.contentWindow&&(s.removeAttribute(\"style\"),\"height\"===t.message?(1e3<(r=parseInt(t.value,10))?r=1e3:~~r<200&&(r=200),s.height=r):\"link\"===t.message&&(r=new URL(s.getAttribute(\"src\")),n=new URL(t.value),c.test(n.protocol))&&n.host===r.host&&l.activeElement===s&&(d.top.location.href=t.value))}},d.addEventListener(\"message\",d.wp.receiveEmbedMessage,!1),l.addEventListener(\"DOMContentLoaded\",function(){for(var e,t,s=l.querySelectorAll(\"iframe.wp-embedded-content\"),r=0;r<s.length;r++)(t=(e=s[r]).getAttribute(\"data-secret\"))||(t=Math.random().toString(36).substring(2,12),e.src+=\"#?secret=\"+t,e.setAttribute(\"data-secret\",t)),e.contentWindow.postMessage({message:\"ready\",secret:t},\"*\")},!1)))}(window,document);\n\/\/# sourceURL=https:\/\/www.ip.gov.py\/ip\/wp-includes\/js\/wp-embed.min.js\n\/* ]]> *\/\n<\/script>\n","thumbnail_url":"https:\/\/www.ip.gov.py\/ip\/wp-content\/uploads\/2016\/05\/13319884_10157029294440327_107537174339071161_n.jpg","thumbnail_width":960,"thumbnail_height":588,"description":"Asunci\u00f3n, IP.- \u00a0El portero Justo Villar, de 39 a\u00f1os, capit\u00e1n de la Selecci\u00f3n Nacional, disputar\u00e1 su s\u00e9ptima Copa Am\u00e9rica en su rica carrera futbol\u00edstica. Jug\u00f3 las ediciones de 1999 (cuando nuestro pa\u00eds organiz\u00f3 el evento), y posteriormente estuvo en Colombia 2001, Per\u00fa 2004, Venezuela 2007, Argentina 2011, Chile 2015 y ahora Estados Unidos 2016. Adem\u00e1s, [&hellip;]"}