{"version":"1.0","provider_name":".::Agencia IP::.","provider_url":"https:\/\/www.ip.gov.py\/ip","title":"Declaran toque de queda en Camer\u00fan - .::Agencia IP::.","type":"rich","width":600,"height":338,"html":"<blockquote class=\"wp-embedded-content\" data-secret=\"RRxCROtuKA\"><a href=\"https:\/\/www.ip.gov.py\/ip\/2018\/09\/30\/declaran-toque-de-queda-en-camerun\/\">Declaran toque de queda en Camer\u00fan<\/a><\/blockquote><iframe sandbox=\"allow-scripts\" security=\"restricted\" src=\"https:\/\/www.ip.gov.py\/ip\/2018\/09\/30\/declaran-toque-de-queda-en-camerun\/embed\/#?secret=RRxCROtuKA\" width=\"600\" height=\"338\" title=\"\u00abDeclaran toque de queda en Camer\u00fan\u00bb \u2014 .::Agencia IP::.\" data-secret=\"RRxCROtuKA\" frameborder=\"0\" marginwidth=\"0\" marginheight=\"0\" scrolling=\"no\" class=\"wp-embedded-content\"><\/iframe><script type=\"text\/javascript\">\n\/* <![CDATA[ *\/\n\/*! This file is auto-generated *\/\n!function(d,l){\"use strict\";l.querySelector&&d.addEventListener&&\"undefined\"!=typeof URL&&(d.wp=d.wp||{},d.wp.receiveEmbedMessage||(d.wp.receiveEmbedMessage=function(e){var t=e.data;if((t||t.secret||t.message||t.value)&&!\/[^a-zA-Z0-9]\/.test(t.secret)){for(var s,r,n,a=l.querySelectorAll('iframe[data-secret=\"'+t.secret+'\"]'),o=l.querySelectorAll('blockquote[data-secret=\"'+t.secret+'\"]'),c=new RegExp(\"^https?:$\",\"i\"),i=0;i<o.length;i++)o[i].style.display=\"none\";for(i=0;i<a.length;i++)s=a[i],e.source===s.contentWindow&&(s.removeAttribute(\"style\"),\"height\"===t.message?(1e3<(r=parseInt(t.value,10))?r=1e3:~~r<200&&(r=200),s.height=r):\"link\"===t.message&&(r=new URL(s.getAttribute(\"src\")),n=new URL(t.value),c.test(n.protocol))&&n.host===r.host&&l.activeElement===s&&(d.top.location.href=t.value))}},d.addEventListener(\"message\",d.wp.receiveEmbedMessage,!1),l.addEventListener(\"DOMContentLoaded\",function(){for(var e,t,s=l.querySelectorAll(\"iframe.wp-embedded-content\"),r=0;r<s.length;r++)(t=(e=s[r]).getAttribute(\"data-secret\"))||(t=Math.random().toString(36).substring(2,12),e.src+=\"#?secret=\"+t,e.setAttribute(\"data-secret\",t)),e.contentWindow.postMessage({message:\"ready\",secret:t},\"*\")},!1)))}(window,document);\n\/\/# sourceURL=https:\/\/www.ip.gov.py\/ip\/wp-includes\/js\/wp-embed.min.js\n\/* ]]> *\/\n<\/script>\n","thumbnail_url":"https:\/\/www.ip.gov.py\/ip\/wp-content\/uploads\/2018\/09\/Camerun-Conflicto-696x463.jpg","thumbnail_width":696,"thumbnail_height":463,"description":"Yaund\u00e9.- Los gobernadores de las regiones de habla inglesa del noroeste y del suroeste de Camer\u00fan declararon hoy un toque de queda de dos d\u00edas, en la v\u00edspera del primer aniversario desde que los separatistas proclamaran de forma simb\u00f3lica su independencia en 2017, confirmaron a Efe fuentes oficiales."}