{"version":"1.0","provider_name":".::Agencia IP::.","provider_url":"https:\/\/www.ip.gov.py\/ip","title":"Paraguay conden\u00f3 el ataque contra Juan Guaid\u00f3 - .::Agencia IP::.","type":"rich","width":600,"height":338,"html":"<blockquote class=\"wp-embedded-content\" data-secret=\"UV2dDsI6W9\"><a href=\"https:\/\/www.ip.gov.py\/ip\/2020\/03\/02\/paraguay-condeno-el-ataque-contra-juan-guaido\/\">Paraguay conden\u00f3 el ataque contra Juan Guaid\u00f3<\/a><\/blockquote><iframe sandbox=\"allow-scripts\" security=\"restricted\" src=\"https:\/\/www.ip.gov.py\/ip\/2020\/03\/02\/paraguay-condeno-el-ataque-contra-juan-guaido\/embed\/#?secret=UV2dDsI6W9\" width=\"600\" height=\"338\" title=\"\u00abParaguay conden\u00f3 el ataque contra Juan Guaid\u00f3\u00bb \u2014 .::Agencia IP::.\" data-secret=\"UV2dDsI6W9\" frameborder=\"0\" marginwidth=\"0\" marginheight=\"0\" scrolling=\"no\" class=\"wp-embedded-content\"><\/iframe><script type=\"text\/javascript\">\n\/* <![CDATA[ *\/\n\/*! This file is auto-generated *\/\n!function(d,l){\"use strict\";l.querySelector&&d.addEventListener&&\"undefined\"!=typeof URL&&(d.wp=d.wp||{},d.wp.receiveEmbedMessage||(d.wp.receiveEmbedMessage=function(e){var t=e.data;if((t||t.secret||t.message||t.value)&&!\/[^a-zA-Z0-9]\/.test(t.secret)){for(var s,r,n,a=l.querySelectorAll('iframe[data-secret=\"'+t.secret+'\"]'),o=l.querySelectorAll('blockquote[data-secret=\"'+t.secret+'\"]'),c=new RegExp(\"^https?:$\",\"i\"),i=0;i<o.length;i++)o[i].style.display=\"none\";for(i=0;i<a.length;i++)s=a[i],e.source===s.contentWindow&&(s.removeAttribute(\"style\"),\"height\"===t.message?(1e3<(r=parseInt(t.value,10))?r=1e3:~~r<200&&(r=200),s.height=r):\"link\"===t.message&&(r=new URL(s.getAttribute(\"src\")),n=new URL(t.value),c.test(n.protocol))&&n.host===r.host&&l.activeElement===s&&(d.top.location.href=t.value))}},d.addEventListener(\"message\",d.wp.receiveEmbedMessage,!1),l.addEventListener(\"DOMContentLoaded\",function(){for(var e,t,s=l.querySelectorAll(\"iframe.wp-embedded-content\"),r=0;r<s.length;r++)(t=(e=s[r]).getAttribute(\"data-secret\"))||(t=Math.random().toString(36).substring(2,12),e.src+=\"#?secret=\"+t,e.setAttribute(\"data-secret\",t)),e.contentWindow.postMessage({message:\"ready\",secret:t},\"*\")},!1)))}(window,document);\n\/\/# sourceURL=https:\/\/www.ip.gov.py\/ip\/wp-includes\/js\/wp-embed.min.js\n\/* ]]> *\/\n<\/script>\n","thumbnail_url":"https:\/\/www.ip.gov.py\/ip\/wp-content\/uploads\/2019\/01\/Juan-Guaido-Venezuela.jpg","thumbnail_width":800,"thumbnail_height":533,"description":"Asunci\u00f3n, IP.- El Ministerio de Relaciones Exteriores conden\u00f3 los actos violentos cometidos\u00a0 por fuerzas allegadas al r\u00e9gimen de Nicol\u00e1s Maduro contra una marcha encabezada por el presidente interino de Venezuela, Juan Guaid\u00f3, celebrada en Barquisimeto, en el estado de Lara. \u00a0"}